{"id":15,"date":"2015-07-06T14:42:15","date_gmt":"2015-07-06T14:42:15","guid":{"rendered":"http:\/\/lesgrandscollectionneursduquebec.com\/?page_id=15"},"modified":"2026-01-26T20:25:23","modified_gmt":"2026-01-27T01:25:23","slug":"salon-expositions","status":"publish","type":"page","link":"https:\/\/lesgrandscollectionneursduquebec.com\/index.php\/salon-expositions\/","title":{"rendered":""},"content":{"rendered":"\n<figure class=\"wp-block-image size-full\"><img loading=\"lazy\" decoding=\"async\" width=\"1847\" height=\"357\" src=\"https:\/\/lesgrandscollectionneursduquebec.com\/wp-content\/uploads\/2026\/01\/2AAFAB8A-D32B-4FA1-8A31-B3210501128C_1_201_a-1.jpeg\" alt=\"\" class=\"wp-image-3992\" srcset=\"https:\/\/lesgrandscollectionneursduquebec.com\/wp-content\/uploads\/2026\/01\/2AAFAB8A-D32B-4FA1-8A31-B3210501128C_1_201_a-1.jpeg 1847w, https:\/\/lesgrandscollectionneursduquebec.com\/wp-content\/uploads\/2026\/01\/2AAFAB8A-D32B-4FA1-8A31-B3210501128C_1_201_a-1-300x58.jpeg 300w, https:\/\/lesgrandscollectionneursduquebec.com\/wp-content\/uploads\/2026\/01\/2AAFAB8A-D32B-4FA1-8A31-B3210501128C_1_201_a-1-1024x198.jpeg 1024w, https:\/\/lesgrandscollectionneursduquebec.com\/wp-content\/uploads\/2026\/01\/2AAFAB8A-D32B-4FA1-8A31-B3210501128C_1_201_a-1-768x148.jpeg 768w, https:\/\/lesgrandscollectionneursduquebec.com\/wp-content\/uploads\/2026\/01\/2AAFAB8A-D32B-4FA1-8A31-B3210501128C_1_201_a-1-1536x297.jpeg 1536w\" sizes=\"auto, (max-width: 1847px) 100vw, 1847px\" \/><\/figure>\n\n\n\n<h1 class=\"wp-block-heading has-text-align-center has-x-large-font-size\"><em><strong>Salon-Exposition<\/strong><\/em><\/h1>\n\n\n\n<p class=\"has-text-align-center\" style=\"font-size:16px;font-style:normal;font-weight:400\"><span style=\"font-family: arial, helvetica, sans-serif; font-size: 12pt;\">Solidement implant\u00e9 depuis sa fondation en 1983, le Club Les Grands Collectionneurs du Qu\u00e9bec inc. (CGCQ) est notamment reconnu gr\u00e2ce \u00e0 ses deux Salons annuels achat, vente et \u00e9change &#8211; l\u2019un en mars et l\u2019autre en septembre<\/span>. <\/p>\n\n\n\n<p class=\"has-text-align-center\" style=\"font-size:17px;font-style:normal;font-weight:400\">En plus d\u2019accueillir des exposants vendeurs, comme le Salon de mars, celui de septembre offre aux membres du Club l\u2019occasion d\u2019exposer leur pr\u00e9cieuse collection et de partager leur passion avec le public.<\/p>\n\n\n\n<h2 class=\"wp-block-heading has-text-align-center\">Le prochain salon pr\u00e9vu le 28 mars 2026 arrive \u00e0 grand pas!<\/h2>\n\n\n\n<p class=\"has-text-align-center\" style=\"font-size:17px\"><strong><em>Amateurs, collectionneurs ou simplement curieux? <br>C&rsquo;est l&rsquo;\u00e9v\u00e9nement r\u00eav\u00e9 pour faire quelques trouvailles et agrandir votre collection. <br>Le co\u00fbt d&rsquo;entr\u00e9e est de 5 $ seulement et le stationnement est gratuit.<\/em><\/strong><\/p>\n\n\n\n<p class=\"has-text-align-center\" style=\"font-size:17px\"><strong><em>Et pourquoi ne pas en profiter pour r\u00e9server un emplacement et vendre vos objets en surplus accumul\u00e9s au fil des ans?<\/em><\/strong><\/p>\n\n\n\n<p class=\"has-text-align-center\" style=\"font-size:17px\">Comme \u00e0 chaque ann\u00e9e, l&rsquo;\u00e9v\u00e9nement regroupera plusieurs exposants vendeurs qui proposeront une vari\u00e9t\u00e9 d&rsquo;articles de qualit\u00e9 : cartes de hockey, monnaie, cartes postales, plaques automobiles, anciennes m\u00e9dailles, affiches publicitaires, \u00e9pinglettes, vieux jouets, etc. Pour s&rsquo;inscrire, rien de plus facile:<\/p>\n\n\n\n<p class=\"has-text-align-center\" style=\"font-size:17px\">Remplissez le <strong><em><a href=\"https:\/\/lesgrandscollectionneursduquebec.com\/wp-content\/uploads\/2026\/01\/formulaire-salon-mars-2026-3-3.pdf\" data-type=\"link\" data-id=\"https:\/\/lesgrandscollectionneursduquebec.com\/wp-content\/uploads\/2026\/01\/formulaire-salon-mars-2026-3-3.pdf\">formulaire d&rsquo;inscription<\/a> <\/em><\/strong>et le <strong><em><a href=\"https:\/\/lesgrandscollectionneursduquebec.com\/wp-content\/uploads\/2024\/07\/formulaire-adhesion-renouvellement-2024-2.pdf\" target=\"_blank\" rel=\"noopener noreferrer\">formulaire d&rsquo;adh\u00e9sion<\/a> <\/em><\/strong>au club si vous n&rsquo;\u00eates pas d\u00e9j\u00e0 membre. Faites-nous parvenir les formulaires remplis en entier et sign\u00e9s avec votre paiement total par ch\u00e8que ou par Interac (par courrier ou par courriel) aux adresses indiqu\u00e9es.<\/p>\n\n\n\n<p class=\"has-text-align-center has-medium-font-size\"> <strong>IMPORTANT: les places sont limit\u00e9es et votre paiement n&rsquo;est pas remboursable si vous annulez ou \u00eates absent avec ou sans raison valable.<\/strong><\/p>\n\n\n<div class=\"wp-block-image\">\n<figure class=\"aligncenter size-large\"><a href=\"https:\/\/lesgrandscollectionneursduquebec.com\/wp-content\/uploads\/2026\/01\/Capture-de\u0301cran-le-2026-01-23-a\u0300-16.55.20.png\"><img loading=\"lazy\" decoding=\"async\" width=\"791\" height=\"1024\" src=\"https:\/\/lesgrandscollectionneursduquebec.com\/wp-content\/uploads\/2026\/01\/Capture-de\u0301cran-le-2026-01-23-a\u0300-16.55.20-791x1024.png\" alt=\"\" class=\"wp-image-3954\" style=\"aspect-ratio:0.7724598777771432\" srcset=\"https:\/\/lesgrandscollectionneursduquebec.com\/wp-content\/uploads\/2026\/01\/Capture-de\u0301cran-le-2026-01-23-a\u0300-16.55.20-791x1024.png 791w, https:\/\/lesgrandscollectionneursduquebec.com\/wp-content\/uploads\/2026\/01\/Capture-de\u0301cran-le-2026-01-23-a\u0300-16.55.20-232x300.png 232w, https:\/\/lesgrandscollectionneursduquebec.com\/wp-content\/uploads\/2026\/01\/Capture-de\u0301cran-le-2026-01-23-a\u0300-16.55.20-768x994.png 768w, https:\/\/lesgrandscollectionneursduquebec.com\/wp-content\/uploads\/2026\/01\/Capture-de\u0301cran-le-2026-01-23-a\u0300-16.55.20-1187x1536.png 1187w, https:\/\/lesgrandscollectionneursduquebec.com\/wp-content\/uploads\/2026\/01\/Capture-de\u0301cran-le-2026-01-23-a\u0300-16.55.20.png 1340w\" sizes=\"auto, (max-width: 791px) 100vw, 791px\" \/><\/a><\/figure>\n<\/div>\n\n\n<p class=\"has-text-align-center\" style=\"font-size:17px\"><img decoding=\"async\" class=\"wp-image-3952\" style=\"width: NaNpx;\" src=\"https:\/\/lesgrandscollectionneursduquebec.com\/wp-content\/uploads\/2026\/01\/formulaire-salon-mars-2026-3-1.pdf\" alt=\"\"><br><img decoding=\"async\" class=\"wp-image-3955\" style=\"width: NaNpx;\" src=\"https:\/\/lesgrandscollectionneursduquebec.com\/wp-content\/uploads\/2026\/01\/formulaire-salon-mars-2026-3-2.pdf\" alt=\"\"><img decoding=\"async\" class=\"wp-image-3950\" style=\"width: NaNpx;\" src=\"https:\/\/lesgrandscollectionneursduquebec.com\/wp-content\/uploads\/2026\/01\/affiche-mars-2026.pdf\" alt=\"\"><a href=\"https:\/\/lesgrandscollectionneursduquebec.com\/wp-content\/uploads\/2026\/01\/formulaire-salon-mars-2026-3-3.pdf\" data-type=\"link\" data-id=\"https:\/\/lesgrandscollectionneursduquebec.com\/wp-content\/uploads\/2026\/01\/formulaire-salon-mars-2026-3-3.pdf\"><\/a><a href=\"https:\/\/lesgrandscollectionneursduquebec.com\/wp-content\/uploads\/2026\/01\/formulaire-salon-mars-2026-3-3.pdf\" data-type=\"link\" data-id=\"https:\/\/lesgrandscollectionneursduquebec.com\/wp-content\/uploads\/2026\/01\/formulaire-salon-mars-2026-3-3.pdf\"><strong><em>Formulaire d&rsquo;inscription Salon mars 2026<\/em><\/strong><\/a><\/p>\n\n\n\n<p class=\"has-text-align-center has-medium-font-size\"><strong><mark style=\"background-color:rgba(0, 0, 0, 0)\" class=\"has-inline-color has-dark-gray-color\">Centre communautaire Des Chutes- Le Pivot<\/mark><\/strong><br><strong><span style=\"font-size: 14pt;\"><a href=\"https:\/\/www.google.com\/maps\/place\/4551+Bd+Sainte-Anne,+Qu%C3%A9bec,+QC+G1C+2G2\/@46.8719807,-71.1639754,515m\/data=!3m1!1e3!4m6!3m5!1s0x4cb8be863c8984e3:0x1d0012308290f9ef!8m2!3d46.872152!4d-71.1613455!16s%2Fg%2F11b8z4_3sf?entry=ttu&amp;g_ep=EgoyMDI2MDEyMS4wIKXMDSoKLDEwMDc5MjA2N0gBUAM%3D\" data-type=\"link\" data-id=\"https:\/\/www.google.com\/maps\/place\/4551+Bd+Sainte-Anne,+Qu%C3%A9bec,+QC+G1C+2G2\/@46.8719807,-71.1639754,515m\/data=!3m1!1e3!4m6!3m5!1s0x4cb8be863c8984e3:0x1d0012308290f9ef!8m2!3d46.872152!4d-71.1613455!16s%2Fg%2F11b8z4_3sf?entry=ttu&amp;g_ep=EgoyMDI2MDEyMS4wIKXMDSoKLDEwMDc5MjA2N0gBUAM%3D\"><em>4551 BOULEVARD SAINTE-ANNE, QU\u00c9BEC QC G1C2H8<\/em><\/a><\/span><br><\/strong><\/p>\n\n\n\n<p class=\"has-text-align-center has-large-font-size\"><span style=\"font-size: 14pt;\"><strong>R\u00e9servez\u00a0 le plus t\u00f4t possible. Nombre de place limit\u00e9s. Maximum de 3 tables par inscription.\u00a0<\/strong><\/span><\/p>\n\n\n\n<p class=\"has-text-align-center\"><span style=\"font-size: 14pt;\">Information: Lionel Majot 418-803-6405&nbsp;<\/span><\/p>\n\n\n\n<p class=\"has-text-align-center\"><span style=\"font-size: 14pt;\">adm1@lesgrandscollectionneursduquebec.com<\/span><\/p>\n<div class=\"fcbkbttn_buttons_block\" id=\"fcbkbttn_left\"><div class=\"fcbkbttn_button\">\n\t\t\t\t\t<a href=\"https:\/\/www.facebook.com\/Les-Grands-Collectionneurs-Du-Quebec-Inc-941070729238884\/\" target=\"_blank\">\n\t\t\t\t\t\t<img decoding=\"async\" src=\"https:\/\/lesgrandscollectionneursduquebec.com\/wp-content\/plugins\/facebook-button-plugin\/images\/standard-facebook-ico.png\" alt=\"Fb-Button\" \/>\n\t\t\t\t\t<\/a>\n\t\t\t\t<\/div><\/div>","protected":false},"excerpt":{"rendered":"<p>Salon-Exposition Solidement implant\u00e9 depuis sa fondation en 1983, le Club Les Grands Collectionneurs du Qu\u00e9bec inc. (CGCQ) est notamment reconnu gr\u00e2ce \u00e0 ses deux Salons annuels achat, vente et \u00e9change &#8211; l\u2019un en mars et l\u2019autre en septembre. En plus d\u2019accueillir des exposants vendeurs, comme le Salon de mars, celui de septembre offre aux membres &hellip; <a href=\"https:\/\/lesgrandscollectionneursduquebec.com\/index.php\/salon-expositions\/\" class=\"more-link\">Continuer la lecture de <span class=\"screen-reader-text\"><\/span> <span class=\"meta-nav\">&rarr;<\/span><\/a><\/p>\n","protected":false},"author":1,"featured_media":0,"parent":0,"menu_order":0,"comment_status":"closed","ping_status":"open","template":"","meta":{"ngg_post_thumbnail":0,"footnotes":""},"class_list":["post-15","page","type-page","status-publish","hentry"],"_links":{"self":[{"href":"https:\/\/lesgrandscollectionneursduquebec.com\/index.php\/wp-json\/wp\/v2\/pages\/15","targetHints":{"allow":["GET"]}}],"collection":[{"href":"https:\/\/lesgrandscollectionneursduquebec.com\/index.php\/wp-json\/wp\/v2\/pages"}],"about":[{"href":"https:\/\/lesgrandscollectionneursduquebec.com\/index.php\/wp-json\/wp\/v2\/types\/page"}],"author":[{"embeddable":true,"href":"https:\/\/lesgrandscollectionneursduquebec.com\/index.php\/wp-json\/wp\/v2\/users\/1"}],"replies":[{"embeddable":true,"href":"https:\/\/lesgrandscollectionneursduquebec.com\/index.php\/wp-json\/wp\/v2\/comments?post=15"}],"version-history":[{"count":209,"href":"https:\/\/lesgrandscollectionneursduquebec.com\/index.php\/wp-json\/wp\/v2\/pages\/15\/revisions"}],"predecessor-version":[{"id":4159,"href":"https:\/\/lesgrandscollectionneursduquebec.com\/index.php\/wp-json\/wp\/v2\/pages\/15\/revisions\/4159"}],"wp:attachment":[{"href":"https:\/\/lesgrandscollectionneursduquebec.com\/index.php\/wp-json\/wp\/v2\/media?parent=15"}],"curies":[{"name":"wp","href":"https:\/\/api.w.org\/{rel}","templated":true}]}}